{"id":606,"date":"2021-03-01T12:01:54","date_gmt":"2021-03-01T11:01:54","guid":{"rendered":"http:\/\/www.countrylife.at\/gesundheitszentrum\/?page_id=606"},"modified":"2024-06-05T15:20:29","modified_gmt":"2024-06-05T13:20:29","slug":"gesundheitsmagazin","status":"publish","type":"page","link":"https:\/\/www.countrylife.at\/gesundheitszentrum\/gesundheitsmagazin\/","title":{"rendered":"Gesundheitsmagazin"},"content":{"rendered":"\n<style type=\"text\/css\" data-created_by=\"avia_inline_auto\" id=\"style-css-av-av_heading-76053d789f4de6a28dd8e766ccd339f7\">\n#top .av-special-heading.av-av_heading-76053d789f4de6a28dd8e766ccd339f7{\npadding-bottom:10px;\n}\nbody .av-special-heading.av-av_heading-76053d789f4de6a28dd8e766ccd339f7 .av-special-heading-tag .heading-char{\nfont-size:25px;\n}\n.av-special-heading.av-av_heading-76053d789f4de6a28dd8e766ccd339f7 .av-subheading{\nfont-size:15px;\n}\n<\/style>\n<div  class='av-special-heading av-av_heading-76053d789f4de6a28dd8e766ccd339f7 av-special-heading-h2  avia-builder-el-0  el_before_av_hr  avia-builder-el-first '><h2 class='av-special-heading-tag '  itemprop=\"headline\"  >Gesundheitsmagazin<\/h2><div class=\"special-heading-border\"><div class=\"special-heading-inner-border\"><\/div><\/div><\/div>\n\n<style type=\"text\/css\" data-created_by=\"avia_inline_auto\" id=\"style-css-av-klqjc7lp-913bd1749b74f479ec7f9d191bd6e6bf\">\n#top .hr.hr-invisible.av-klqjc7lp-913bd1749b74f479ec7f9d191bd6e6bf{\nheight:50px;\n}\n<\/style>\n<div  class='hr av-klqjc7lp-913bd1749b74f479ec7f9d191bd6e6bf hr-invisible  avia-builder-el-1  el_after_av_heading  el_before_av_blog '><span class='hr-inner '><span class=\"hr-inner-style\"><\/span><\/span><\/div>\n<div  class='av-alb-blogposts template-blog  av-blog-meta-comments-disabled '  itemscope=\"itemscope\" itemtype=\"https:\/\/schema.org\/Blog\" ><article class=\"post-entry post-entry-type-standard post-entry-1820 post-loop-1 post-parity-odd single-small with-slider post-1820 post type-post status-publish format-standard has-post-thumbnail hentry category-ernaehrung\"  itemscope=\"itemscope\" itemtype=\"https:\/\/schema.org\/BlogPosting\" ><div class=\"blog-meta\"><a href='https:\/\/www.countrylife.at\/gesundheitszentrum\/basilikum-mehr-als-ein-gewuerz\/' class='small-preview'  title=\"blog_basilikum\"   itemprop=\"image\" itemscope=\"itemscope\" itemtype=\"https:\/\/schema.org\/ImageObject\" ><img decoding=\"async\" loading=\"lazy\" width=\"180\" height=\"180\" src=\"https:\/\/www.countrylife.at\/gesundheitszentrum\/wp-content\/uploads\/2025\/07\/blog_basilikum-180x180.jpg\" class=\"wp-image-1818 avia-img-lazy-loading-1818 attachment-square size-square wp-post-image\" alt=\"\" srcset=\"https:\/\/www.countrylife.at\/gesundheitszentrum\/wp-content\/uploads\/2025\/07\/blog_basilikum-180x180.jpg 180w, https:\/\/www.countrylife.at\/gesundheitszentrum\/wp-content\/uploads\/2025\/07\/blog_basilikum-300x300.jpg 300w, https:\/\/www.countrylife.at\/gesundheitszentrum\/wp-content\/uploads\/2025\/07\/blog_basilikum-80x80.jpg 80w, https:\/\/www.countrylife.at\/gesundheitszentrum\/wp-content\/uploads\/2025\/07\/blog_basilikum-36x36.jpg 36w, https:\/\/www.countrylife.at\/gesundheitszentrum\/wp-content\/uploads\/2025\/07\/blog_basilikum.jpg 400w\" sizes=\"auto, (max-width: 180px) 100vw, 180px\" \/><span class='iconfont avia-svg-icon avia-font-svg_entypo-fontello' data-av_svg_icon='pencil' data-av_iconset='svg_entypo-fontello' ><svg version=\"1.1\" xmlns=\"http:\/\/www.w3.org\/2000\/svg\" width=\"25\" height=\"32\" viewBox=\"0 0 25 32\" preserveAspectRatio=\"xMidYMid meet\" role=\"graphics-symbol\" aria-hidden=\"true\">\n<path d=\"M22.976 5.44q1.024 1.024 1.504 2.048t0.48 1.536v0.512l-8.064 8.064-9.28 9.216-7.616 1.664 1.6-7.68 9.28-9.216 8.064-8.064q1.728-0.384 4.032 1.92zM7.168 25.92l0.768-0.768q-0.064-1.408-1.664-3.008-0.704-0.704-1.44-1.12t-1.12-0.416l-0.448-0.064-0.704 0.768-0.576 2.56q0.896 0.512 1.472 1.088 0.768 0.768 1.152 1.536z\"><\/path>\n<\/svg><\/span><\/a><\/div><div class='entry-content-wrapper clearfix standard-content'><header class=\"entry-content-header\" aria-label=\"Post: Basilikum \u2013 mehr als ein Gew\u00fcrz\"><h2 class='post-title entry-title '  itemprop=\"headline\" ><a href=\"https:\/\/www.countrylife.at\/gesundheitszentrum\/basilikum-mehr-als-ein-gewuerz\/\" rel=\"bookmark\" title=\"Permanenter Link zu: Basilikum \u2013 mehr als ein Gew\u00fcrz\">Basilikum \u2013 mehr als ein Gew\u00fcrz<span class=\"post-format-icon minor-meta\"><\/span><\/a><\/h2><span class=\"post-meta-infos\"><time class=\"date-container minor-meta updated\"  itemprop=\"datePublished\" datetime=\"2025-07-20T12:00:00+02:00\" >20. Juli 2025<\/time><span class=\"text-sep\">\/<\/span><span class=\"blog-categories minor-meta\">in <a href=\"https:\/\/www.countrylife.at\/gesundheitszentrum\/category\/ernaehrung\/\" rel=\"tag\">Ern\u00e4hrung<\/a><\/span><span class=\"text-sep\">\/<\/span><span class=\"blog-author minor-meta\">von <span class=\"entry-author-link\"  itemprop=\"author\" ><span class=\"author\"><span class=\"fn\"><a href=\"https:\/\/www.countrylife.at\/gesundheitszentrum\/author\/cl\/\" title=\"Beitr\u00e4ge von cl\" rel=\"author\">cl<\/a><\/span><\/span><\/span><\/span><\/span><\/header><div class=\"entry-content\"  itemprop=\"text\" ><p>von Esther Neumann Besonders im Sommer, wenn Tomaten Hochsaison haben, ist es aus der K\u00fcche nicht mehr wegzudenken \u2013 das Basilikum. Volkst\u00fcmlich wird es K\u00f6nigskraut, Deutscher Pfeffer oder Krampfkr\u00e4utl genannt. Das sagt schon etwas \u00fcber seine Heilwirkung aus. Der Name, von \u201ebasileus\u201c abgeleitet, was K\u00f6nig bedeutet, gibt dem wunderbar duftenden Kraut den ihm geb\u00fchrenden Platz. [&hellip;]<\/p>\n<\/div><footer class=\"entry-footer\"><\/footer><div class='post_delimiter'><\/div><\/div><div class=\"post_author_timeline\"><\/div><span class='hidden'>\n\t\t\t\t<span class='av-structured-data'  itemprop=\"image\" itemscope=\"itemscope\" itemtype=\"https:\/\/schema.org\/ImageObject\" >\n\t\t\t\t\t\t<span itemprop='url'>https:\/\/www.countrylife.at\/gesundheitszentrum\/wp-content\/uploads\/2025\/07\/blog_basilikum.jpg<\/span>\n\t\t\t\t\t\t<span itemprop='height'>400<\/span>\n\t\t\t\t\t\t<span itemprop='width'>400<\/span>\n\t\t\t\t<\/span>\n\t\t\t\t<span class='av-structured-data'  itemprop=\"publisher\" itemtype=\"https:\/\/schema.org\/Organization\" itemscope=\"itemscope\" >\n\t\t\t\t\t\t<span itemprop='name'>cl<\/span>\n\t\t\t\t\t\t<span itemprop='logo' itemscope itemtype='https:\/\/schema.org\/ImageObject'>\n\t\t\t\t\t\t\t<span itemprop='url'>http:\/\/www.countrylife.at\/gesundheitszentrum\/wp-content\/uploads\/2020\/10\/cl-logo_340.png<\/span>\n\t\t\t\t\t\t<\/span>\n\t\t\t\t<\/span><span class='av-structured-data'  itemprop=\"author\" itemscope=\"itemscope\" itemtype=\"https:\/\/schema.org\/Person\" ><span itemprop='name'>cl<\/span><\/span><span class='av-structured-data'  itemprop=\"datePublished\" datetime=\"2025-07-20T12:00:00+02:00\" >2025-07-20 12:00:00<\/span><span class='av-structured-data'  itemprop=\"dateModified\" itemtype=\"https:\/\/schema.org\/dateModified\" >2025-07-21 12:50:07<\/span><span class='av-structured-data'  itemprop=\"mainEntityOfPage\" itemtype=\"https:\/\/schema.org\/mainEntityOfPage\" ><span itemprop='name'>Basilikum \u2013 mehr als ein Gew\u00fcrz<\/span><\/span><\/span><\/article><article class=\"post-entry post-entry-type-standard post-entry-1816 post-loop-2 post-parity-even single-small with-slider post-1816 post type-post status-publish format-standard has-post-thumbnail hentry category-abhaengigkeiten category-mentale-gesundheit\"  itemscope=\"itemscope\" itemtype=\"https:\/\/schema.org\/BlogPosting\" ><div class=\"blog-meta\"><a href='https:\/\/www.countrylife.at\/gesundheitszentrum\/die-kunst-des-loslassens-meistern\/' class='small-preview'  title=\"blog_faust\"   itemprop=\"image\" itemscope=\"itemscope\" itemtype=\"https:\/\/schema.org\/ImageObject\" ><img decoding=\"async\" loading=\"lazy\" width=\"180\" height=\"180\" src=\"https:\/\/www.countrylife.at\/gesundheitszentrum\/wp-content\/uploads\/2025\/07\/blog_faust-180x180.jpg\" class=\"wp-image-1817 avia-img-lazy-loading-1817 attachment-square size-square wp-post-image\" alt=\"\" srcset=\"https:\/\/www.countrylife.at\/gesundheitszentrum\/wp-content\/uploads\/2025\/07\/blog_faust-180x180.jpg 180w, https:\/\/www.countrylife.at\/gesundheitszentrum\/wp-content\/uploads\/2025\/07\/blog_faust-300x300.jpg 300w, https:\/\/www.countrylife.at\/gesundheitszentrum\/wp-content\/uploads\/2025\/07\/blog_faust-80x80.jpg 80w, https:\/\/www.countrylife.at\/gesundheitszentrum\/wp-content\/uploads\/2025\/07\/blog_faust-36x36.jpg 36w, https:\/\/www.countrylife.at\/gesundheitszentrum\/wp-content\/uploads\/2025\/07\/blog_faust.jpg 400w\" sizes=\"auto, (max-width: 180px) 100vw, 180px\" \/><span class='iconfont avia-svg-icon avia-font-svg_entypo-fontello' data-av_svg_icon='pencil' data-av_iconset='svg_entypo-fontello' ><svg version=\"1.1\" xmlns=\"http:\/\/www.w3.org\/2000\/svg\" width=\"25\" height=\"32\" viewBox=\"0 0 25 32\" preserveAspectRatio=\"xMidYMid meet\" role=\"graphics-symbol\" aria-hidden=\"true\">\n<path d=\"M22.976 5.44q1.024 1.024 1.504 2.048t0.48 1.536v0.512l-8.064 8.064-9.28 9.216-7.616 1.664 1.6-7.68 9.28-9.216 8.064-8.064q1.728-0.384 4.032 1.92zM7.168 25.92l0.768-0.768q-0.064-1.408-1.664-3.008-0.704-0.704-1.44-1.12t-1.12-0.416l-0.448-0.064-0.704 0.768-0.576 2.56q0.896 0.512 1.472 1.088 0.768 0.768 1.152 1.536z\"><\/path>\n<\/svg><\/span><\/a><\/div><div class='entry-content-wrapper clearfix standard-content'><header class=\"entry-content-header\" aria-label=\"Post: Die Kunst des Loslassens meistern\"><h2 class='post-title entry-title '  itemprop=\"headline\" ><a href=\"https:\/\/www.countrylife.at\/gesundheitszentrum\/die-kunst-des-loslassens-meistern\/\" rel=\"bookmark\" title=\"Permanenter Link zu: Die Kunst des Loslassens meistern\">Die Kunst des Loslassens meistern<span class=\"post-format-icon minor-meta\"><\/span><\/a><\/h2><span class=\"post-meta-infos\"><time class=\"date-container minor-meta updated\"  itemprop=\"datePublished\" datetime=\"2025-07-06T12:00:00+02:00\" >6. Juli 2025<\/time><span class=\"text-sep\">\/<\/span><span class=\"blog-categories minor-meta\">in <a href=\"https:\/\/www.countrylife.at\/gesundheitszentrum\/category\/mentale-gesundheit\/abhaengigkeiten\/\" rel=\"tag\">Abh\u00e4ngigkeiten<\/a>, <a href=\"https:\/\/www.countrylife.at\/gesundheitszentrum\/category\/mentale-gesundheit\/\" rel=\"tag\">Mentale Gesundheit<\/a><\/span><span class=\"text-sep\">\/<\/span><span class=\"blog-author minor-meta\">von <span class=\"entry-author-link\"  itemprop=\"author\" ><span class=\"author\"><span class=\"fn\"><a href=\"https:\/\/www.countrylife.at\/gesundheitszentrum\/author\/cl\/\" title=\"Beitr\u00e4ge von cl\" rel=\"author\">cl<\/a><\/span><\/span><\/span><\/span><\/span><\/header><div class=\"entry-content\"  itemprop=\"text\" ><p>von Martin Neumann Manchmal ist es schwer, loszulassen \u2013 so wie eine alte, s\u00fcchtig machende Gewohnheit zu durchbrechen. Es gibt so viele Hindernisse zu \u00fcberwinden und Negativit\u00e4t zu durchdringen. Wenn du in deiner Vergangenheit feststeckst, kann das deine Gesundheit, dein Gl\u00fcck, deine Beziehungen, deinen Erfolg und vieles mehr in deinem Leben blockieren. Die Kunst des [&hellip;]<\/p>\n<\/div><footer class=\"entry-footer\"><\/footer><div class='post_delimiter'><\/div><\/div><div class=\"post_author_timeline\"><\/div><span class='hidden'>\n\t\t\t\t<span class='av-structured-data'  itemprop=\"image\" itemscope=\"itemscope\" itemtype=\"https:\/\/schema.org\/ImageObject\" >\n\t\t\t\t\t\t<span itemprop='url'>https:\/\/www.countrylife.at\/gesundheitszentrum\/wp-content\/uploads\/2025\/07\/blog_faust.jpg<\/span>\n\t\t\t\t\t\t<span itemprop='height'>400<\/span>\n\t\t\t\t\t\t<span itemprop='width'>400<\/span>\n\t\t\t\t<\/span>\n\t\t\t\t<span class='av-structured-data'  itemprop=\"publisher\" itemtype=\"https:\/\/schema.org\/Organization\" itemscope=\"itemscope\" >\n\t\t\t\t\t\t<span itemprop='name'>cl<\/span>\n\t\t\t\t\t\t<span itemprop='logo' itemscope itemtype='https:\/\/schema.org\/ImageObject'>\n\t\t\t\t\t\t\t<span itemprop='url'>http:\/\/www.countrylife.at\/gesundheitszentrum\/wp-content\/uploads\/2020\/10\/cl-logo_340.png<\/span>\n\t\t\t\t\t\t<\/span>\n\t\t\t\t<\/span><span class='av-structured-data'  itemprop=\"author\" itemscope=\"itemscope\" itemtype=\"https:\/\/schema.org\/Person\" ><span itemprop='name'>cl<\/span><\/span><span class='av-structured-data'  itemprop=\"datePublished\" datetime=\"2025-07-06T12:00:00+02:00\" >2025-07-06 12:00:00<\/span><span class='av-structured-data'  itemprop=\"dateModified\" itemtype=\"https:\/\/schema.org\/dateModified\" >2025-07-21 13:11:34<\/span><span class='av-structured-data'  itemprop=\"mainEntityOfPage\" itemtype=\"https:\/\/schema.org\/mainEntityOfPage\" ><span itemprop='name'>Die Kunst des Loslassens meistern<\/span><\/span><\/span><\/article><article class=\"post-entry post-entry-type-standard post-entry-1808 post-loop-3 post-parity-odd single-small with-slider post-1808 post type-post status-publish format-standard has-post-thumbnail hentry category-bewegung\"  itemscope=\"itemscope\" itemtype=\"https:\/\/schema.org\/BlogPosting\" ><div class=\"blog-meta\"><a href='https:\/\/www.countrylife.at\/gesundheitszentrum\/brauchen-sportler-wirklich-proteinpraeparate\/' class='small-preview'  title=\"blog_protein\"   itemprop=\"image\" itemscope=\"itemscope\" itemtype=\"https:\/\/schema.org\/ImageObject\" ><img decoding=\"async\" loading=\"lazy\" width=\"180\" height=\"180\" src=\"https:\/\/www.countrylife.at\/gesundheitszentrum\/wp-content\/uploads\/2025\/06\/blog_protein-180x180.jpg\" class=\"wp-image-1806 avia-img-lazy-loading-1806 attachment-square size-square wp-post-image\" alt=\"\" srcset=\"https:\/\/www.countrylife.at\/gesundheitszentrum\/wp-content\/uploads\/2025\/06\/blog_protein-180x180.jpg 180w, https:\/\/www.countrylife.at\/gesundheitszentrum\/wp-content\/uploads\/2025\/06\/blog_protein-300x300.jpg 300w, https:\/\/www.countrylife.at\/gesundheitszentrum\/wp-content\/uploads\/2025\/06\/blog_protein-80x80.jpg 80w, https:\/\/www.countrylife.at\/gesundheitszentrum\/wp-content\/uploads\/2025\/06\/blog_protein-36x36.jpg 36w, https:\/\/www.countrylife.at\/gesundheitszentrum\/wp-content\/uploads\/2025\/06\/blog_protein.jpg 400w\" sizes=\"auto, (max-width: 180px) 100vw, 180px\" \/><span class='iconfont avia-svg-icon avia-font-svg_entypo-fontello' data-av_svg_icon='pencil' data-av_iconset='svg_entypo-fontello' ><svg version=\"1.1\" xmlns=\"http:\/\/www.w3.org\/2000\/svg\" width=\"25\" height=\"32\" viewBox=\"0 0 25 32\" preserveAspectRatio=\"xMidYMid meet\" role=\"graphics-symbol\" aria-hidden=\"true\">\n<path d=\"M22.976 5.44q1.024 1.024 1.504 2.048t0.48 1.536v0.512l-8.064 8.064-9.28 9.216-7.616 1.664 1.6-7.68 9.28-9.216 8.064-8.064q1.728-0.384 4.032 1.92zM7.168 25.92l0.768-0.768q-0.064-1.408-1.664-3.008-0.704-0.704-1.44-1.12t-1.12-0.416l-0.448-0.064-0.704 0.768-0.576 2.56q0.896 0.512 1.472 1.088 0.768 0.768 1.152 1.536z\"><\/path>\n<\/svg><\/span><\/a><\/div><div class='entry-content-wrapper clearfix standard-content'><header class=\"entry-content-header\" aria-label=\"Post: Brauchen Sportler wirklich Proteinpr\u00e4parate?\"><h2 class='post-title entry-title '  itemprop=\"headline\" ><a href=\"https:\/\/www.countrylife.at\/gesundheitszentrum\/brauchen-sportler-wirklich-proteinpraeparate\/\" rel=\"bookmark\" title=\"Permanenter Link zu: Brauchen Sportler wirklich Proteinpr\u00e4parate?\">Brauchen Sportler wirklich Proteinpr\u00e4parate?<span class=\"post-format-icon minor-meta\"><\/span><\/a><\/h2><span class=\"post-meta-infos\"><time class=\"date-container minor-meta updated\"  itemprop=\"datePublished\" datetime=\"2025-06-22T12:00:00+02:00\" >22. Juni 2025<\/time><span class=\"text-sep\">\/<\/span><span class=\"blog-categories minor-meta\">in <a href=\"https:\/\/www.countrylife.at\/gesundheitszentrum\/category\/lebensstil\/bewegung\/\" rel=\"tag\">Bewegung<\/a><\/span><span class=\"text-sep\">\/<\/span><span class=\"blog-author minor-meta\">von <span class=\"entry-author-link\"  itemprop=\"author\" ><span class=\"author\"><span class=\"fn\"><a href=\"https:\/\/www.countrylife.at\/gesundheitszentrum\/author\/cl\/\" title=\"Beitr\u00e4ge von cl\" rel=\"author\">cl<\/a><\/span><\/span><\/span><\/span><\/span><\/header><div class=\"entry-content\"  itemprop=\"text\" ><p>Eiwei\u00dfpr\u00e4parate f\u00fcr Sportler werden buchst\u00e4blich eimerweise verkauft. Das Marketing, das sie begleitet, wirbt unabl\u00e4ssig f\u00fcr das Erreichen eines kr\u00e4ftigen Bizeps und eines Sixpacks. Im Jahr 2021 wurde der Markt f\u00fcr Protein-Nahrungserg\u00e4nzungsmittel in den USA auf 2,1 Milliarden US-Dollar gesch\u00e4tzt und wird voraussichtlich weiterhin um etwa 8 % pro Jahr wachsen.1) Aber brauchen Sportler sie wirklich? [&hellip;]<\/p>\n<\/div><footer class=\"entry-footer\"><\/footer><div class='post_delimiter'><\/div><\/div><div class=\"post_author_timeline\"><\/div><span class='hidden'>\n\t\t\t\t<span class='av-structured-data'  itemprop=\"image\" itemscope=\"itemscope\" itemtype=\"https:\/\/schema.org\/ImageObject\" >\n\t\t\t\t\t\t<span itemprop='url'>https:\/\/www.countrylife.at\/gesundheitszentrum\/wp-content\/uploads\/2025\/06\/blog_protein.jpg<\/span>\n\t\t\t\t\t\t<span itemprop='height'>400<\/span>\n\t\t\t\t\t\t<span itemprop='width'>400<\/span>\n\t\t\t\t<\/span>\n\t\t\t\t<span class='av-structured-data'  itemprop=\"publisher\" itemtype=\"https:\/\/schema.org\/Organization\" itemscope=\"itemscope\" >\n\t\t\t\t\t\t<span itemprop='name'>cl<\/span>\n\t\t\t\t\t\t<span itemprop='logo' itemscope itemtype='https:\/\/schema.org\/ImageObject'>\n\t\t\t\t\t\t\t<span itemprop='url'>http:\/\/www.countrylife.at\/gesundheitszentrum\/wp-content\/uploads\/2020\/10\/cl-logo_340.png<\/span>\n\t\t\t\t\t\t<\/span>\n\t\t\t\t<\/span><span class='av-structured-data'  itemprop=\"author\" itemscope=\"itemscope\" itemtype=\"https:\/\/schema.org\/Person\" ><span itemprop='name'>cl<\/span><\/span><span class='av-structured-data'  itemprop=\"datePublished\" datetime=\"2025-06-22T12:00:00+02:00\" >2025-06-22 12:00:00<\/span><span class='av-structured-data'  itemprop=\"dateModified\" itemtype=\"https:\/\/schema.org\/dateModified\" >2025-06-23 20:23:19<\/span><span class='av-structured-data'  itemprop=\"mainEntityOfPage\" itemtype=\"https:\/\/schema.org\/mainEntityOfPage\" ><span itemprop='name'>Brauchen Sportler wirklich Proteinpr\u00e4parate?<\/span><\/span><\/span><\/article><article class=\"post-entry post-entry-type-standard post-entry-1804 post-loop-4 post-parity-even single-small with-slider post-1804 post type-post status-publish format-standard has-post-thumbnail hentry category-mentale-gesundheit\"  itemscope=\"itemscope\" itemtype=\"https:\/\/schema.org\/BlogPosting\" ><div class=\"blog-meta\"><a href='https:\/\/www.countrylife.at\/gesundheitszentrum\/wie-der-geist-den-koerper-krank-macht\/' class='small-preview'  title=\"blog_geistkoerper\"   itemprop=\"image\" itemscope=\"itemscope\" itemtype=\"https:\/\/schema.org\/ImageObject\" ><img decoding=\"async\" loading=\"lazy\" width=\"180\" height=\"180\" src=\"https:\/\/www.countrylife.at\/gesundheitszentrum\/wp-content\/uploads\/2025\/06\/blog_geistkoerper-180x180.jpg\" class=\"wp-image-1805 avia-img-lazy-loading-1805 attachment-square size-square wp-post-image\" alt=\"\" srcset=\"https:\/\/www.countrylife.at\/gesundheitszentrum\/wp-content\/uploads\/2025\/06\/blog_geistkoerper-180x180.jpg 180w, https:\/\/www.countrylife.at\/gesundheitszentrum\/wp-content\/uploads\/2025\/06\/blog_geistkoerper-300x300.jpg 300w, https:\/\/www.countrylife.at\/gesundheitszentrum\/wp-content\/uploads\/2025\/06\/blog_geistkoerper-80x80.jpg 80w, https:\/\/www.countrylife.at\/gesundheitszentrum\/wp-content\/uploads\/2025\/06\/blog_geistkoerper-36x36.jpg 36w, https:\/\/www.countrylife.at\/gesundheitszentrum\/wp-content\/uploads\/2025\/06\/blog_geistkoerper.jpg 400w\" sizes=\"auto, (max-width: 180px) 100vw, 180px\" \/><span class='iconfont avia-svg-icon avia-font-svg_entypo-fontello' data-av_svg_icon='pencil' data-av_iconset='svg_entypo-fontello' ><svg version=\"1.1\" xmlns=\"http:\/\/www.w3.org\/2000\/svg\" width=\"25\" height=\"32\" viewBox=\"0 0 25 32\" preserveAspectRatio=\"xMidYMid meet\" role=\"graphics-symbol\" aria-hidden=\"true\">\n<path d=\"M22.976 5.44q1.024 1.024 1.504 2.048t0.48 1.536v0.512l-8.064 8.064-9.28 9.216-7.616 1.664 1.6-7.68 9.28-9.216 8.064-8.064q1.728-0.384 4.032 1.92zM7.168 25.92l0.768-0.768q-0.064-1.408-1.664-3.008-0.704-0.704-1.44-1.12t-1.12-0.416l-0.448-0.064-0.704 0.768-0.576 2.56q0.896 0.512 1.472 1.088 0.768 0.768 1.152 1.536z\"><\/path>\n<\/svg><\/span><\/a><\/div><div class='entry-content-wrapper clearfix standard-content'><header class=\"entry-content-header\" aria-label=\"Post: Wie der Geist den K\u00f6rper krank macht!\"><h2 class='post-title entry-title '  itemprop=\"headline\" ><a href=\"https:\/\/www.countrylife.at\/gesundheitszentrum\/wie-der-geist-den-koerper-krank-macht\/\" rel=\"bookmark\" title=\"Permanenter Link zu: Wie der Geist den K\u00f6rper krank macht!\">Wie der Geist den K\u00f6rper krank macht!<span class=\"post-format-icon minor-meta\"><\/span><\/a><\/h2><span class=\"post-meta-infos\"><time class=\"date-container minor-meta updated\"  itemprop=\"datePublished\" datetime=\"2025-06-08T12:00:00+02:00\" >8. Juni 2025<\/time><span class=\"text-sep\">\/<\/span><span class=\"blog-categories minor-meta\">in <a href=\"https:\/\/www.countrylife.at\/gesundheitszentrum\/category\/mentale-gesundheit\/\" rel=\"tag\">Mentale Gesundheit<\/a><\/span><span class=\"text-sep\">\/<\/span><span class=\"blog-author minor-meta\">von <span class=\"entry-author-link\"  itemprop=\"author\" ><span class=\"author\"><span class=\"fn\"><a href=\"https:\/\/www.countrylife.at\/gesundheitszentrum\/author\/cl\/\" title=\"Beitr\u00e4ge von cl\" rel=\"author\">cl<\/a><\/span><\/span><\/span><\/span><\/span><\/header><div class=\"entry-content\"  itemprop=\"text\" ><p>Heute m\u00f6chte ich \u00fcber die Tatsache sprechen, dass K\u00f6rper und Geist bei Gesundheit oder Krankheit immer zusammenarbeiten. K\u00f6rper und Gehirn arbeiten immer zusammen, wenn es darum geht, krank oder gesund zu werden. Eine Krankheit, die psychosomatisch genannt wird, ist eine Krankheit, die sich im K\u00f6rper manifestiert, die aber ihren Ursprung im Verstand hat oder an [&hellip;]<\/p>\n<\/div><footer class=\"entry-footer\"><\/footer><div class='post_delimiter'><\/div><\/div><div class=\"post_author_timeline\"><\/div><span class='hidden'>\n\t\t\t\t<span class='av-structured-data'  itemprop=\"image\" itemscope=\"itemscope\" itemtype=\"https:\/\/schema.org\/ImageObject\" >\n\t\t\t\t\t\t<span itemprop='url'>https:\/\/www.countrylife.at\/gesundheitszentrum\/wp-content\/uploads\/2025\/06\/blog_geistkoerper.jpg<\/span>\n\t\t\t\t\t\t<span itemprop='height'>400<\/span>\n\t\t\t\t\t\t<span itemprop='width'>400<\/span>\n\t\t\t\t<\/span>\n\t\t\t\t<span class='av-structured-data'  itemprop=\"publisher\" itemtype=\"https:\/\/schema.org\/Organization\" itemscope=\"itemscope\" >\n\t\t\t\t\t\t<span itemprop='name'>cl<\/span>\n\t\t\t\t\t\t<span itemprop='logo' itemscope itemtype='https:\/\/schema.org\/ImageObject'>\n\t\t\t\t\t\t\t<span itemprop='url'>http:\/\/www.countrylife.at\/gesundheitszentrum\/wp-content\/uploads\/2020\/10\/cl-logo_340.png<\/span>\n\t\t\t\t\t\t<\/span>\n\t\t\t\t<\/span><span class='av-structured-data'  itemprop=\"author\" itemscope=\"itemscope\" itemtype=\"https:\/\/schema.org\/Person\" ><span itemprop='name'>cl<\/span><\/span><span class='av-structured-data'  itemprop=\"datePublished\" datetime=\"2025-06-08T12:00:00+02:00\" >2025-06-08 12:00:00<\/span><span class='av-structured-data'  itemprop=\"dateModified\" itemtype=\"https:\/\/schema.org\/dateModified\" >2025-06-23 20:27:54<\/span><span class='av-structured-data'  itemprop=\"mainEntityOfPage\" itemtype=\"https:\/\/schema.org\/mainEntityOfPage\" ><span itemprop='name'>Wie der Geist den K\u00f6rper krank macht!<\/span><\/span><\/span><\/article><article class=\"post-entry post-entry-type-standard post-entry-1797 post-loop-5 post-parity-odd post-entry-last single-small with-slider post-1797 post type-post status-publish format-standard has-post-thumbnail hentry category-bewegung category-lebensstil\"  itemscope=\"itemscope\" itemtype=\"https:\/\/schema.org\/BlogPosting\" ><div class=\"blog-meta\"><a href='https:\/\/www.countrylife.at\/gesundheitszentrum\/bewegung-tut-dem-kopf-gut\/' class='small-preview'  title=\"blog_bewegung2\"   itemprop=\"image\" itemscope=\"itemscope\" itemtype=\"https:\/\/schema.org\/ImageObject\" ><img decoding=\"async\" loading=\"lazy\" width=\"180\" height=\"180\" src=\"https:\/\/www.countrylife.at\/gesundheitszentrum\/wp-content\/uploads\/2025\/05\/blog_bewegung2-180x180.jpg\" class=\"wp-image-1791 avia-img-lazy-loading-1791 attachment-square size-square wp-post-image\" alt=\"\" srcset=\"https:\/\/www.countrylife.at\/gesundheitszentrum\/wp-content\/uploads\/2025\/05\/blog_bewegung2-180x180.jpg 180w, https:\/\/www.countrylife.at\/gesundheitszentrum\/wp-content\/uploads\/2025\/05\/blog_bewegung2-300x300.jpg 300w, https:\/\/www.countrylife.at\/gesundheitszentrum\/wp-content\/uploads\/2025\/05\/blog_bewegung2-80x80.jpg 80w, https:\/\/www.countrylife.at\/gesundheitszentrum\/wp-content\/uploads\/2025\/05\/blog_bewegung2-36x36.jpg 36w, https:\/\/www.countrylife.at\/gesundheitszentrum\/wp-content\/uploads\/2025\/05\/blog_bewegung2.jpg 400w\" sizes=\"auto, (max-width: 180px) 100vw, 180px\" \/><span class='iconfont avia-svg-icon avia-font-svg_entypo-fontello' data-av_svg_icon='pencil' data-av_iconset='svg_entypo-fontello' ><svg version=\"1.1\" xmlns=\"http:\/\/www.w3.org\/2000\/svg\" width=\"25\" height=\"32\" viewBox=\"0 0 25 32\" preserveAspectRatio=\"xMidYMid meet\" role=\"graphics-symbol\" aria-hidden=\"true\">\n<path d=\"M22.976 5.44q1.024 1.024 1.504 2.048t0.48 1.536v0.512l-8.064 8.064-9.28 9.216-7.616 1.664 1.6-7.68 9.28-9.216 8.064-8.064q1.728-0.384 4.032 1.92zM7.168 25.92l0.768-0.768q-0.064-1.408-1.664-3.008-0.704-0.704-1.44-1.12t-1.12-0.416l-0.448-0.064-0.704 0.768-0.576 2.56q0.896 0.512 1.472 1.088 0.768 0.768 1.152 1.536z\"><\/path>\n<\/svg><\/span><\/a><\/div><div class='entry-content-wrapper clearfix standard-content'><header class=\"entry-content-header\" aria-label=\"Post: Bewegung: Tut dem Kopf gut\"><h2 class='post-title entry-title '  itemprop=\"headline\" ><a href=\"https:\/\/www.countrylife.at\/gesundheitszentrum\/bewegung-tut-dem-kopf-gut\/\" rel=\"bookmark\" title=\"Permanenter Link zu: Bewegung: Tut dem Kopf gut\">Bewegung: Tut dem Kopf gut<span class=\"post-format-icon minor-meta\"><\/span><\/a><\/h2><span class=\"post-meta-infos\"><time class=\"date-container minor-meta updated\"  itemprop=\"datePublished\" datetime=\"2025-05-25T12:00:00+02:00\" >25. Mai 2025<\/time><span class=\"text-sep\">\/<\/span><span class=\"blog-categories minor-meta\">in <a href=\"https:\/\/www.countrylife.at\/gesundheitszentrum\/category\/lebensstil\/bewegung\/\" rel=\"tag\">Bewegung<\/a>, <a href=\"https:\/\/www.countrylife.at\/gesundheitszentrum\/category\/lebensstil\/\" rel=\"tag\">Lebensstil<\/a><\/span><span class=\"text-sep\">\/<\/span><span class=\"blog-author minor-meta\">von <span class=\"entry-author-link\"  itemprop=\"author\" ><span class=\"author\"><span class=\"fn\"><a href=\"https:\/\/www.countrylife.at\/gesundheitszentrum\/author\/cl\/\" title=\"Beitr\u00e4ge von cl\" rel=\"author\">cl<\/a><\/span><\/span><\/span><\/span><\/span><\/header><div class=\"entry-content\"  itemprop=\"text\" ><p>Hulda war depressiv, \u00fcbergewichtig, kr\u00e4nklich und st\u00e4ndig ersch\u00f6pft. Sie war \u00fcber 60 Jahre alt und litt unter dem Verlust ihres Mannes, was ihre Depression noch verschlimmerte. Die 1896 geborene und auf einer kanadischen Farm aufgewachsene Hulda ern\u00e4hrte sich reichlich von Fleisch, Milch, Sahme, Butter, Eiern und S\u00fc\u00dfigkeiten. Um ihre Traurigkeit zu lindern, begann sie zu [&hellip;]<\/p>\n<\/div><footer class=\"entry-footer\"><\/footer><div class='post_delimiter'><\/div><\/div><div class=\"post_author_timeline\"><\/div><span class='hidden'>\n\t\t\t\t<span class='av-structured-data'  itemprop=\"image\" itemscope=\"itemscope\" itemtype=\"https:\/\/schema.org\/ImageObject\" >\n\t\t\t\t\t\t<span itemprop='url'>https:\/\/www.countrylife.at\/gesundheitszentrum\/wp-content\/uploads\/2025\/05\/blog_bewegung2.jpg<\/span>\n\t\t\t\t\t\t<span itemprop='height'>400<\/span>\n\t\t\t\t\t\t<span itemprop='width'>400<\/span>\n\t\t\t\t<\/span>\n\t\t\t\t<span class='av-structured-data'  itemprop=\"publisher\" itemtype=\"https:\/\/schema.org\/Organization\" itemscope=\"itemscope\" >\n\t\t\t\t\t\t<span itemprop='name'>cl<\/span>\n\t\t\t\t\t\t<span itemprop='logo' itemscope itemtype='https:\/\/schema.org\/ImageObject'>\n\t\t\t\t\t\t\t<span itemprop='url'>http:\/\/www.countrylife.at\/gesundheitszentrum\/wp-content\/uploads\/2020\/10\/cl-logo_340.png<\/span>\n\t\t\t\t\t\t<\/span>\n\t\t\t\t<\/span><span class='av-structured-data'  itemprop=\"author\" itemscope=\"itemscope\" itemtype=\"https:\/\/schema.org\/Person\" ><span itemprop='name'>cl<\/span><\/span><span class='av-structured-data'  itemprop=\"datePublished\" datetime=\"2025-05-25T12:00:00+02:00\" >2025-05-25 12:00:00<\/span><span class='av-structured-data'  itemprop=\"dateModified\" itemtype=\"https:\/\/schema.org\/dateModified\" >2025-05-26 12:59:49<\/span><span class='av-structured-data'  itemprop=\"mainEntityOfPage\" itemtype=\"https:\/\/schema.org\/mainEntityOfPage\" ><span itemprop='name'>Bewegung: Tut dem Kopf gut<\/span><\/span><\/span><\/article><div class='single-small'><nav class='pagination'><span class='pagination-meta'>Seite 1 von 26<\/span><span class='current'>1<\/span><a href='https:\/\/www.countrylife.at\/gesundheitszentrum\/wp-json\/wp\/v2\/pages\/606\/page\/2\/' class='inactive next_page' >2<\/a><a href='https:\/\/www.countrylife.at\/gesundheitszentrum\/wp-json\/wp\/v2\/pages\/606\/page\/3\/' class='inactive' >3<\/a><a href='https:\/\/www.countrylife.at\/gesundheitszentrum\/wp-json\/wp\/v2\/pages\/606\/page\/2\/'>&rsaquo;<\/a><a href='https:\/\/www.countrylife.at\/gesundheitszentrum\/wp-json\/wp\/v2\/pages\/606\/page\/26\/'>&raquo;<\/a><\/nav>\n<\/div><\/div>\n\n<style type=\"text\/css\" data-created_by=\"avia_inline_auto\" id=\"style-css-av-lx1utmeg-17e6ad61958e10d88cda22fc31d7c008\">\n#top .hr.hr-invisible.av-lx1utmeg-17e6ad61958e10d88cda22fc31d7c008{\nheight:50px;\n}\n<\/style>\n<div  class='hr av-lx1utmeg-17e6ad61958e10d88cda22fc31d7c008 hr-invisible'><span class='hr-inner '><span class=\"hr-inner-style\"><\/span><\/span><\/div>\n<section  class='av_textblock_section av-km0vh5sz-08c6e18a18eef76b3c5fce3ad963d9b8 '   itemscope=\"itemscope\" itemtype=\"https:\/\/schema.org\/BlogPosting\" itemprop=\"blogPost\" ><div class='avia_textblock'  itemprop=\"text\" ><h3>Abonniere unseren Newsletter<\/h3>\n<p>Somit bekommst du jeden neuen Artikel des Gesundheitsmagazins sofort bei Erscheinung zugesandt.<\/p>\n<\/div><\/section>\n<div  class='avia-button-wrap av-lx1usllq-ad7af707ccb1c2ce4bbf7272b35b3bcb-wrap avia-button-center '><a href='https:\/\/stats.sender.net\/forms\/axKK9e\/view'  class='avia-button av-lx1usllq-ad7af707ccb1c2ce4bbf7272b35b3bcb av-link-btn avia-icon_select-yes-left-icon avia-size-large avia-position-center avia-color-theme-color'  target=\"_blank\"  rel=\"noopener noreferrer\"  aria-label=\"Newsletter abonnieren\"><span class='avia_button_icon avia_button_icon_left avia-iconfont avia-font-entypo-fontello' data-av_icon='\ue805' data-av_iconfont='entypo-fontello' ><\/span><span class='avia_iconbox_title' >Newsletter abonnieren<\/span><\/a><\/div>\n","protected":false},"excerpt":{"rendered":"","protected":false},"author":1,"featured_media":0,"parent":0,"menu_order":0,"comment_status":"closed","ping_status":"closed","template":"","meta":{"footnotes":""},"class_list":["post-606","page","type-page","status-publish","hentry"],"yoast_head":"<!-- This site is optimized with the Yoast SEO plugin v26.9 - https:\/\/yoast.com\/product\/yoast-seo-wordpress\/ -->\n<title>Gesundheitsmagazin - Country Life Gesundheitszentrum Mattersdorferhof<\/title>\n<meta name=\"robots\" content=\"index, follow, max-snippet:-1, max-image-preview:large, max-video-preview:-1\" \/>\n<link rel=\"canonical\" href=\"https:\/\/www.countrylife.at\/gesundheitszentrum\/gesundheitsmagazin\/\" \/>\n<meta property=\"og:locale\" content=\"de_DE\" \/>\n<meta property=\"og:type\" content=\"article\" \/>\n<meta property=\"og:title\" content=\"Gesundheitsmagazin - Country Life Gesundheitszentrum Mattersdorferhof\" \/>\n<meta property=\"og:url\" content=\"https:\/\/www.countrylife.at\/gesundheitszentrum\/gesundheitsmagazin\/\" \/>\n<meta property=\"og:site_name\" content=\"Country Life Gesundheitszentrum Mattersdorferhof\" \/>\n<meta property=\"article:modified_time\" content=\"2024-06-05T13:20:29+00:00\" \/>\n<meta name=\"twitter:card\" content=\"summary_large_image\" \/>\n<meta name=\"twitter:label1\" content=\"Gesch\u00e4tzte Lesezeit\" \/>\n\t<meta name=\"twitter:data1\" content=\"1\u00a0Minute\" \/>\n<script type=\"application\/ld+json\" class=\"yoast-schema-graph\">{\"@context\":\"https:\/\/schema.org\",\"@graph\":[{\"@type\":\"WebPage\",\"@id\":\"https:\/\/www.countrylife.at\/gesundheitszentrum\/gesundheitsmagazin\/\",\"url\":\"https:\/\/www.countrylife.at\/gesundheitszentrum\/gesundheitsmagazin\/\",\"name\":\"Gesundheitsmagazin - Country Life Gesundheitszentrum Mattersdorferhof\",\"isPartOf\":{\"@id\":\"https:\/\/www.countrylife.at\/gesundheitszentrum\/#website\"},\"datePublished\":\"2021-03-01T11:01:54+00:00\",\"dateModified\":\"2024-06-05T13:20:29+00:00\",\"breadcrumb\":{\"@id\":\"https:\/\/www.countrylife.at\/gesundheitszentrum\/gesundheitsmagazin\/#breadcrumb\"},\"inLanguage\":\"de\",\"potentialAction\":[{\"@type\":\"ReadAction\",\"target\":[\"https:\/\/www.countrylife.at\/gesundheitszentrum\/gesundheitsmagazin\/\"]}]},{\"@type\":\"BreadcrumbList\",\"@id\":\"https:\/\/www.countrylife.at\/gesundheitszentrum\/gesundheitsmagazin\/#breadcrumb\",\"itemListElement\":[{\"@type\":\"ListItem\",\"position\":1,\"name\":\"Startseite\",\"item\":\"https:\/\/www.countrylife.at\/gesundheitszentrum\/\"},{\"@type\":\"ListItem\",\"position\":2,\"name\":\"Gesundheitsmagazin\"}]},{\"@type\":\"WebSite\",\"@id\":\"https:\/\/www.countrylife.at\/gesundheitszentrum\/#website\",\"url\":\"https:\/\/www.countrylife.at\/gesundheitszentrum\/\",\"name\":\"Country Life Gesundheitszentrum Mattersdorferhof\",\"description\":\"Das biblisch-christliche Gesundheitszentrum\",\"potentialAction\":[{\"@type\":\"SearchAction\",\"target\":{\"@type\":\"EntryPoint\",\"urlTemplate\":\"https:\/\/www.countrylife.at\/gesundheitszentrum\/?s={search_term_string}\"},\"query-input\":{\"@type\":\"PropertyValueSpecification\",\"valueRequired\":true,\"valueName\":\"search_term_string\"}}],\"inLanguage\":\"de\"}]}<\/script>\n<!-- \/ Yoast SEO plugin. -->","yoast_head_json":{"title":"Gesundheitsmagazin - Country Life Gesundheitszentrum Mattersdorferhof","robots":{"index":"index","follow":"follow","max-snippet":"max-snippet:-1","max-image-preview":"max-image-preview:large","max-video-preview":"max-video-preview:-1"},"canonical":"https:\/\/www.countrylife.at\/gesundheitszentrum\/gesundheitsmagazin\/","og_locale":"de_DE","og_type":"article","og_title":"Gesundheitsmagazin - Country Life Gesundheitszentrum Mattersdorferhof","og_url":"https:\/\/www.countrylife.at\/gesundheitszentrum\/gesundheitsmagazin\/","og_site_name":"Country Life Gesundheitszentrum Mattersdorferhof","article_modified_time":"2024-06-05T13:20:29+00:00","twitter_card":"summary_large_image","twitter_misc":{"Gesch\u00e4tzte Lesezeit":"1\u00a0Minute"},"schema":{"@context":"https:\/\/schema.org","@graph":[{"@type":"WebPage","@id":"https:\/\/www.countrylife.at\/gesundheitszentrum\/gesundheitsmagazin\/","url":"https:\/\/www.countrylife.at\/gesundheitszentrum\/gesundheitsmagazin\/","name":"Gesundheitsmagazin - Country Life Gesundheitszentrum Mattersdorferhof","isPartOf":{"@id":"https:\/\/www.countrylife.at\/gesundheitszentrum\/#website"},"datePublished":"2021-03-01T11:01:54+00:00","dateModified":"2024-06-05T13:20:29+00:00","breadcrumb":{"@id":"https:\/\/www.countrylife.at\/gesundheitszentrum\/gesundheitsmagazin\/#breadcrumb"},"inLanguage":"de","potentialAction":[{"@type":"ReadAction","target":["https:\/\/www.countrylife.at\/gesundheitszentrum\/gesundheitsmagazin\/"]}]},{"@type":"BreadcrumbList","@id":"https:\/\/www.countrylife.at\/gesundheitszentrum\/gesundheitsmagazin\/#breadcrumb","itemListElement":[{"@type":"ListItem","position":1,"name":"Startseite","item":"https:\/\/www.countrylife.at\/gesundheitszentrum\/"},{"@type":"ListItem","position":2,"name":"Gesundheitsmagazin"}]},{"@type":"WebSite","@id":"https:\/\/www.countrylife.at\/gesundheitszentrum\/#website","url":"https:\/\/www.countrylife.at\/gesundheitszentrum\/","name":"Country Life Gesundheitszentrum Mattersdorferhof","description":"Das biblisch-christliche Gesundheitszentrum","potentialAction":[{"@type":"SearchAction","target":{"@type":"EntryPoint","urlTemplate":"https:\/\/www.countrylife.at\/gesundheitszentrum\/?s={search_term_string}"},"query-input":{"@type":"PropertyValueSpecification","valueRequired":true,"valueName":"search_term_string"}}],"inLanguage":"de"}]}},"_links":{"self":[{"href":"https:\/\/www.countrylife.at\/gesundheitszentrum\/wp-json\/wp\/v2\/pages\/606","targetHints":{"allow":["GET"]}}],"collection":[{"href":"https:\/\/www.countrylife.at\/gesundheitszentrum\/wp-json\/wp\/v2\/pages"}],"about":[{"href":"https:\/\/www.countrylife.at\/gesundheitszentrum\/wp-json\/wp\/v2\/types\/page"}],"author":[{"embeddable":true,"href":"https:\/\/www.countrylife.at\/gesundheitszentrum\/wp-json\/wp\/v2\/users\/1"}],"replies":[{"embeddable":true,"href":"https:\/\/www.countrylife.at\/gesundheitszentrum\/wp-json\/wp\/v2\/comments?post=606"}],"version-history":[{"count":15,"href":"https:\/\/www.countrylife.at\/gesundheitszentrum\/wp-json\/wp\/v2\/pages\/606\/revisions"}],"predecessor-version":[{"id":1640,"href":"https:\/\/www.countrylife.at\/gesundheitszentrum\/wp-json\/wp\/v2\/pages\/606\/revisions\/1640"}],"wp:attachment":[{"href":"https:\/\/www.countrylife.at\/gesundheitszentrum\/wp-json\/wp\/v2\/media?parent=606"}],"curies":[{"name":"wp","href":"https:\/\/api.w.org\/{rel}","templated":true}]}}